{"id":15116,"date":"2020-05-27T15:10:37","date_gmt":"2020-05-27T13:10:37","guid":{"rendered":"https:\/\/barbomusic.com\/?page_id=15116"},"modified":"2021-04-01T18:57:14","modified_gmt":"2021-04-01T16:57:14","slug":"band-home","status":"publish","type":"page","link":"https:\/\/barbomusic.com\/de\/","title":{"rendered":"Home"},"content":{"rendered":"<p>[vc_row row_type=&#8221;parallax&#8221; content_width=&#8221;grid&#8221; content_aligment=&#8221;center&#8221; parallax_background_image=&#8221;7639&#8243; parallax_speed=&#8221;1.3&#8243; css=&#8221;.vc_custom_1589654167480{padding-top: 11.7% !important;padding-bottom: 103px !important;background-position: center !important;background-repeat: no-repeat !important;background-size: cover !important;}&#8221; el_class=&#8221;hero hero-tall&#8221;][vc_column css_animation=&#8221;fadeIn&#8221;][vc_column_text]<\/p>\n<h1>Die Gitarre ist eine Medizin<\/h1>\n<p>[\/vc_column_text][vc_row_inner content_aligment=&#8221;center&#8221; css_animation=&#8221;edgtf-element-from-fade&#8221; transition_delay=&#8221;20&#8243;][vc_column_inner css=&#8221;.vc_custom_1489054951083{padding-right: 6% !important;padding-left: 6% !important;}&#8221; offset=&#8221;vc_col-lg-offset-2 vc_col-lg-8 vc_col-md-offset-2 vc_col-md-8&#8243;][vc_column_text]Ein Album, ein soziales Projekt und ein Dokumentarfilm.<br \/>\n&#8220;Un Voyage Isol\u00e9&#8221;, erstes Album, das ab dem 05.05.2020 \u00fcberall erh\u00e4ltlich ist[\/vc_column_text][\/vc_column_inner][\/vc_row_inner][vc_empty_space height=&#8221;40px&#8221;]<a href=\"#details\" target=\"_self\"  class=\"edgtf-btn edgtf-btn-medium edgtf-btn-solid edgtf-btn-icon edgtf-btn-light\"  >\n    <span class=\"edgtf-btn-text\">Projekt entdecken<\/span>\n    <span class=\"edgtf-icon-ico-moon icomoon-icon-arrow-down2 \" ><\/span><\/a>[vc_empty_space height=&#8221;71px&#8221;]\n<div class=\"edgtf-video-button\">\n\t<a class=\"edgtf-video-button-play\" href=\"http:\/\/youtube.com\/watch?v=Bh14lZ2cvT0\" data-rel=\"prettyPhoto\">\n\t\t\t\t\t<span class=\"edgtf-video-button-image\">\n\t\t\t\t<img decoding=\"async\" src=\"\/wp-content\/uploads\/2020\/06\/barbo-meditation-thumb.jpg\" alt=\"Image4\" \/>\n\t\t\t<\/span>\n\t\t\t\t<span class=\"edgtf-video-button-wrapper\">\n\t\t\t<span class=\"edgtf-video-button-wrapper-inner\" style=\"font-size: 68px\">\n\t\t\t\t<i class=\"arrow_triangle-right_alt2\" aria-hidden=\"true\" ><\/i> \n\t\t\t<\/span>\n\t\t<\/span>\n\t<\/a>\n\t<\/div>[\/vc_column][\/vc_row][vc_row content_width=&#8221;grid&#8221; anchor=&#8221;details&#8221; content_aligment=&#8221;center&#8221; css=&#8221;.vc_custom_1589301506429{padding-top: 92px !important;padding-bottom: 40px !important;background-color: #efe6d8 !important;}&#8221;][vc_column css=&#8221;.vc_custom_1488983694032{margin-top: 0px !important;}&#8221;][vc_row_inner content_width=&#8221;grid&#8221; content_aligment=&#8221;center&#8221;][vc_column_inner offset=&#8221;vc_col-lg-offset-2 vc_col-lg-8 vc_col-md-offset-2 vc_col-md-8&#8243; css=&#8221;.vc_custom_1488981718848{padding-right: 10% !important;padding-left: 10% !important;}&#8221;]\n<p class=\"edgtf-section-subtitle\" >\n\t1. Album bald erh\u00e4ltlich<\/p>[vc_column_text]<\/p>\n<h2>Un Voyage Isol\u00e9<\/h2>\n<p>[\/vc_column_text][vc_empty_space height=&#8221;81px&#8221;][\/vc_column_inner][\/vc_row_inner][vc_row_inner el_class=&#8221;col_details&#8221;][vc_column_inner offset=&#8221;vc_col-lg-6 vc_col-md-12&#8243;]<div class=\"edgtf-album-disc edgtf-animate-on-appear\">\n\t\t\t<a href=\"#\" target=\"_self\"><\/a>\n\t\t<div class=\"edgtf-album-disc-inner\">\n\t\t<div class=\"edgtf-album-disc-case-holder\">\n\t\t\t<img decoding=\"async\" class=\"edgtf-album-disc-case\" src=\"\/wp-content\/uploads\/2020\/05\/barbo_UnVoyageIsole-cover-400.jpg\" alt=\"barbo_UnVoyageIsole-cover-400\" \/>\n\t\t<\/div>\n\t\t<div class=\"edgtf-album-disc-element\">\n\t\t\t<div class=\"edgtf-album-disc-image-holder\">\n\t\t\t\t<div class=\"edgtf-album-disc-image\" style=\"background-image:url(\/wp-content\/uploads\/2017\/03\/h4-img-3.png)\">\n\t\t\t\t\t<span class=\"edgtf-album-disc-border\" ><\/span>\n\t\t\t\t<\/div> \n\t\t\t<\/div>\t\t\t\n\t\t<\/div>\n\t<\/div>\n<\/div>[vc_empty_space height=&#8221;50px&#8221;][\/vc_column_inner][vc_column_inner offset=&#8221;vc_col-lg-6 vc_col-md-12&#8243;][vc_empty_space height=&#8221;60px&#8221;][vc_column_text]<\/p>\n<h3>&#8220;Die Gitarre ist eine Medizin&#8221;, die ist:<\/h3>\n<ul>\n<li><strong>Ein Album:<\/strong> 9 St\u00fccke instrumentale Akustikgitarre. Ver\u00f6ffentlicht am 05\/06\/2020. 6 Songs, die w\u00e4hrend der Entbindung komponiert wurden, und ein Album, das vollst\u00e4ndig in dieser Zeit produziert wurde.<\/li>\n<li><strong>Ein soziales und k\u00fcnstlerisches Projekt:<\/strong> Responsive Musiktherapie-Workshops f\u00fcr Menschen im Krankenhaus, Behinderte oder Menschen am Lebensende.<\/li>\n<li><strong>Ein Film:<\/strong> Autobiografische Dokumentation \u00fcber den Entstehungsprozess des Projekts. Geplante Ver\u00f6ffentlichung Fr\u00fchling 2021<\/li>\n<\/ul>\n<p>[\/vc_column_text][vc_empty_space height=&#8221;40px&#8221;][\/vc_column_inner][\/vc_row_inner][\/vc_column][\/vc_row][vc_row][vc_column el_class=&#8221;eh-stager&#8221;]<div class=\"edgtf-elements-holder edgtf-two-columns edgtf-responsive-mode-768 edgtf-one-column-alignment-left\" ><div class=\"edgtf-elements-holder-item edgtf-horizontal-alignment-center edgtf-fade-in\" data-animation=\"edgtf-fade-in\" data-item-class=\"edgtf-elements-holder-custom-760475\" style=\"background-image: url(\/wp-content\/uploads\/2020\/05\/cover-uni.jpg);transition-delay:20ms;-webkit-transition-delay:20ms\">\n\t<div class=\"edgtf-elements-holder-item-inner\">\n\t\t<div class=\"edgtf-elements-holder-item-content edgtf-elements-holder-custom-760475\" >\n\t\t\t[vc_empty_space height=&#8221;300px&#8221;]\t\t<\/div>\n\t<\/div>\n<\/div><div class=\"edgtf-elements-holder-item edgtf-fade-in\" data-animation=\"edgtf-fade-in\" data-item-class=\"edgtf-elements-holder-custom-642669\" data-1024-1280=\"200px 60px 200px 60px\" data-768-1024=\"100px 40px 100px 40px\" data-600-768=\"100px 40px 100px 40px\" data-480-600=\"100px 40px 100px 40px\" data-480=\"80px 40px 80px 40px\" style=\"transition-delay:60ms;-webkit-transition-delay:60ms\">\n\t<div class=\"edgtf-elements-holder-item-inner\">\n\t\t<div class=\"edgtf-elements-holder-item-content edgtf-elements-holder-custom-642669\" style=\"padding: 200px 100px 200px 100px\">\n\t\t\t[vc_column_text]<\/p>\n<h3>EIN ALBUM? BESSER, EINE REISE<\/h3>\n<p>&#8220;Un Voyage Isol\u00e9&#8221; <em>(&#8220;Eine isolierte Reise&#8221;)<\/em> ist ein Album mit instrumentaler Akustikgitarre. Meine Musik ist melancholisch und beruhigend. Das Album wurde in diesem Sinne geschrieben und einige Songs wurden absichtlich komponiert, um in einem Musiktherapie-Workshop gespielt zu werden.[\/vc_column_text][vc_empty_space height=&#8221;64px&#8221;]<a href=\"https:\/\/open.spotify.com\/artist\/3mN49o7u93mI1oheAV5SNx\" target=\"_blank\"  class=\"edgtf-btn edgtf-btn-medium edgtf-btn-solid edgtf-btn-icon\"  >\n    <span class=\"edgtf-btn-text\">Mein Album anh\u00f6ren<\/span>\n    <i class=\"edgtf-icon-font-awesome fa fa-spotify \" ><\/i><\/a>\t\t<\/div>\n\t<\/div>\n<\/div><\/div><div class=\"edgtf-elements-holder edgtf-two-columns edgtf-responsive-mode-768 edgtf-one-column-alignment-left\" ><div class=\"edgtf-elements-holder-item edgtf-horizontal-alignment-center edgtf-fade-in\" data-animation=\"edgtf-fade-in\" data-item-class=\"edgtf-elements-holder-custom-813923\" style=\"background-image: url(\/wp-content\/uploads\/2020\/05\/guitar-bg-3.jpg);transition-delay:20ms;-webkit-transition-delay:20ms\">\n\t<div class=\"edgtf-elements-holder-item-inner\">\n\t\t<div class=\"edgtf-elements-holder-item-content edgtf-elements-holder-custom-813923\" >\n\t\t\t[vc_empty_space height=&#8221;300px&#8221;]\t\t<\/div>\n\t<\/div>\n<\/div><div class=\"edgtf-elements-holder-item edgtf-fade-in\" data-animation=\"edgtf-fade-in\" data-item-class=\"edgtf-elements-holder-custom-394149\" data-1024-1280=\"200px 60px 200px 60px\" data-768-1024=\"100px 40px 100px 40px\" data-600-768=\"100px 40px 100px 40px\" data-480-600=\"100px 40px 100px 40px\" data-480=\"80px 40px 80px 40px\" style=\"transition-delay:60ms;-webkit-transition-delay:60ms\">\n\t<div class=\"edgtf-elements-holder-item-inner\">\n\t\t<div class=\"edgtf-elements-holder-item-content edgtf-elements-holder-custom-394149\" style=\"padding: 200px 100px 200px 100px\">\n\t\t\t[vc_column_text]<\/p>\n<h3>FINGERSTYLE GITARRIST<\/h3>\n<p>Die Fingerstyle-Gitarre ist eine Art Akustikgitarre, die Techniken wie Polyphonie, Percussive-Gitarre oder sogar 2-Hand-Tapping kombiniert. Die Besonderheit der Fingerstyle-Gitarre besteht darin, dass sie manchmal alle diese Techniken zusammen ausf\u00fchren kann, was den Eindruck erweckt, dass 2 oder sogar 3 Musiker auf einer einzelnen Gitarre anwesend sind. Ich habe mich seit 2008 auf diesen Spielstil spezialisiert.[\/vc_column_text][vc_empty_space height=&#8221;64px&#8221;]<a href=\"https:\/\/barbomusic.com\/de\/biografieseite\/\" target=\"_self\"  class=\"edgtf-btn edgtf-btn-medium edgtf-btn-solid edgtf-btn-icon\"  >\n    <span class=\"edgtf-btn-text\">vollst\u00e4ndige Biografie<\/span>\n    <i class=\"edgtf-icon-font-awesome fa fa-angle-right \" ><\/i><\/a>\t\t<\/div>\n\t<\/div>\n<\/div><\/div><div class=\"edgtf-elements-holder edgtf-two-columns edgtf-responsive-mode-768 edgtf-one-column-alignment-left\" ><div class=\"edgtf-elements-holder-item edgtf-horizontal-alignment-center\" data-item-class=\"edgtf-elements-holder-custom-354902\" style=\"background-image: url(\/wp-content\/uploads\/2020\/08\/barbo-laguitareestunmedicament-1.jpg)\">\n\t<div class=\"edgtf-elements-holder-item-inner\">\n\t\t<div class=\"edgtf-elements-holder-item-content edgtf-elements-holder-custom-354902\" >\n\t\t\t[vc_empty_space height=&#8221;300px&#8221;]\t\t<\/div>\n\t<\/div>\n<\/div><div class=\"edgtf-elements-holder-item \" data-item-class=\"edgtf-elements-holder-custom-401738\" data-1024-1280=\"200px 60px 200px 60px\" data-768-1024=\"100px 40px 100px 40px\" data-600-768=\"100px 40px 100px 40px\" data-480-600=\"100px 40px 100px 40px\" data-480=\"80px 40px 80px 40px\" >\n\t<div class=\"edgtf-elements-holder-item-inner\">\n\t\t<div class=\"edgtf-elements-holder-item-content edgtf-elements-holder-custom-401738\" style=\"padding: 200px 100px 200px 100px\">\n\t\t\t[vc_column_text]<\/p>\n<h3>EMPF\u00e4NGLICHE MUSIKTHERAPIE<\/h3>\n<p>Dieses Album ist Teil eines sozialen und k\u00fcnstlerischen Projekts eines Workshops zur empf\u00e4nglichen Musiktherapie in einem Krankenhaus, in Pflegeheimen oder \u00e4hnlichen Einrichtungen. Bieten Sie Menschen, die krank, behindert oder am Ende ihres Lebens sind, in aller G\u00fcte einen Moment des Wohlbefindens.<\/p>\n<p>Weitere Informationen finden Sie auf <a href=\"https:\/\/barbomusic.com\/musicotherapie\/\">der entsprechenden Seite.<\/a>.[\/vc_column_text][vc_empty_space height=&#8221;64px&#8221;]<a href=\"https:\/\/barbomusic.com\/de\/musiktherapieseite\/\" target=\"_self\"  class=\"edgtf-btn edgtf-btn-medium edgtf-btn-solid edgtf-btn-icon btn-longtext\"  >\n    <span class=\"edgtf-btn-text\">MEINE GITARRE IST MEDIZIN<\/span>\n    <i class=\"edgtf-icon-font-awesome fa fa-music \" ><\/i><\/a>\t\t<\/div>\n\t<\/div>\n<\/div><\/div><div class=\"edgtf-elements-holder edgtf-two-columns edgtf-responsive-mode-768 edgtf-one-column-alignment-left\" ><div class=\"edgtf-elements-holder-item edgtf-horizontal-alignment-center edgtf-fade-in\" data-animation=\"edgtf-fade-in\" data-item-class=\"edgtf-elements-holder-custom-399508\" style=\"background-image: url(\/wp-content\/uploads\/2020\/05\/barbo-recording-1.jpg);transition-delay:20ms;-webkit-transition-delay:20ms\">\n\t<div class=\"edgtf-elements-holder-item-inner\">\n\t\t<div class=\"edgtf-elements-holder-item-content edgtf-elements-holder-custom-399508\" >\n\t\t\t[vc_empty_space height=&#8221;300px&#8221;]\t\t<\/div>\n\t<\/div>\n<\/div><div class=\"edgtf-elements-holder-item edgtf-fade-in\" data-animation=\"edgtf-fade-in\" data-item-class=\"edgtf-elements-holder-custom-143891\" data-1024-1280=\"200px 60px 200px 60px\" data-768-1024=\"100px 40px 100px 40px\" data-600-768=\"100px 40px 100px 40px\" data-480-600=\"100px 40px 100px 40px\" data-480=\"80px 40px 80px 40px\" style=\"transition-delay:60ms;-webkit-transition-delay:60ms\">\n\t<div class=\"edgtf-elements-holder-item-inner\">\n\t\t<div class=\"edgtf-elements-holder-item-content edgtf-elements-holder-custom-143891\" style=\"padding: 200px 100px 200px 100px\">\n\t\t\t[vc_column_text]<\/p>\n<h3>ISOLIERTES PRODUKTION<\/h3>\n<p>Ein gro\u00dfer Teil des Albums wurde w\u00e4hrend der Haft im April 2020 komponiert. Ausgestattet mit professionellen Mikrofonen konnte ich das Album in wenigen Tagen zu Hause aufnehmen und dann alles an meinen Toningenieur senden, der es mischte und habe das Album Anfang Mai 2020 von zu Hause aus gemastert.<\/p>\n<p>Ich habe den gesamten Prozess gefilmt, und eine autobiografische Dokumentation ist in Arbeit.[\/vc_column_text][vc_empty_space height=&#8221;64px&#8221;]<a href=\"https:\/\/barbomusic.com\/de\/der-film\/\" target=\"_self\"  class=\"edgtf-btn edgtf-btn-medium edgtf-btn-solid edgtf-btn-icon\"  >\n    <span class=\"edgtf-btn-text\">den Trailer ansehen<\/span>\n    <i class=\"edgtf-icon-font-awesome fa fa-film \" ><\/i><\/a>\t\t<\/div>\n\t<\/div>\n<\/div><\/div>[\/vc_column][\/vc_row][vc_row row_type=&#8221;parallax&#8221; content_width=&#8221;grid&#8221; content_aligment=&#8221;center&#8221; parallax_background_image=&#8221;7162&#8243; parallax_speed=&#8221;1.4&#8243; css=&#8221;.vc_custom_1589919882957{padding-top: 91px !important;padding-bottom: 88px !important;}&#8221; el_class=&#8221;home-bio&#8221;][vc_column css=&#8221;.vc_custom_1488983694032{margin-top: 0px !important;}&#8221;][vc_row_inner content_width=&#8221;grid&#8221; content_aligment=&#8221;center&#8221; el_class=&#8221;section-bio section-bio-dark&#8221;][vc_column_inner offset=&#8221;vc_col-lg-offset-2 vc_col-lg-8 vc_col-md-offset-2 vc_col-md-8&#8243; css=&#8221;.vc_custom_1488981718848{padding-right: 10% !important;padding-left: 10% !important;}&#8221;]\n<p class=\"edgtf-section-subtitle\" >\n\tWer bin ich?<\/p>[vc_column_text]<\/p>\n<h2>Biografie<\/h2>\n<p>[\/vc_column_text][vc_empty_space height=&#8221;26px&#8221;][vc_column_text]Gitarrist seit fast 25 Jahren, Ich habe mich seit 2008 auf klassische &amp; Fingerstyle Gitarre spezialisiert.[\/vc_column_text][vc_empty_space height=&#8221;59px&#8221;]<a href=\"https:\/\/barbomusic.com\/de\/biografieseite\/\" target=\"_self\"  class=\"edgtf-btn edgtf-btn-medium edgtf-btn-solid btn-longtext edgtf-btn-light\"  >\n    <span class=\"edgtf-btn-text\">vollst\u00e4ndige Biografie<\/span>\n    <\/a>[\/vc_column_inner][\/vc_row_inner][\/vc_column][\/vc_row][vc_row content_width=&#8221;grid&#8221; css=&#8221;.vc_custom_1589488056621{padding-top: 3rem !important;padding-bottom: 3rem !important;}&#8221; el_class=&#8221;carousel-links&#8221;][vc_column]<div class=\"edgtf-carousel-holder clearfix\"><div class=\"edgtf-carousel edgtf-slick-slider-navigation-style\" data-items=\"4\" data-arrows-navigation=\"no\" data-dots-navigation=\"no\"><div class=\"edgtf-carousel-item-holder\">\n\t\t<a href=\"https:\/\/itunes.apple.com\/us\/genre\/ios\/id36?mt=8\" target=\"_blank\">\n\t\t\t\t\t\t<span class=\"edgtf-carousel-first-image-holder edgtf-has-hover-image edgtf-image-change\">\n\t\t\t\t<img decoding=\"async\" src=\"https:\/\/barbomusic.com\/wp-content\/uploads\/2020\/05\/apple-os-5-240.png\" alt=\"Apple Store\">\n\t\t\t<\/span>\n\t\t\t\t\t\t\t<span class=\"edgtf-carousel-second-image-holder edgtf-has-hover-image edgtf-image-change\">\n\t\t\t\t<img decoding=\"async\" src=\"https:\/\/barbomusic.com\/wp-content\/uploads\/2020\/05\/apple-os-5-240-light.png\" alt=\"Apple Store\">\n\t\t\t<\/span>\n\t\t\t\t<\/a>\n\t<\/div><div class=\"edgtf-carousel-item-holder\">\n\t\t<a href=\"https:\/\/open.spotify.com\/artist\/3mN49o7u93mI1oheAV5SNx\" target=\"_blank\">\n\t\t\t\t\t\t<span class=\"edgtf-carousel-first-image-holder edgtf-has-hover-image edgtf-image-change\">\n\t\t\t\t<img decoding=\"async\" src=\"https:\/\/barbomusic.com\/wp-content\/uploads\/2020\/05\/spotify-5-240.png\" alt=\"Spotify\">\n\t\t\t<\/span>\n\t\t\t\t\t\t\t<span class=\"edgtf-carousel-second-image-holder edgtf-has-hover-image edgtf-image-change\">\n\t\t\t\t<img decoding=\"async\" src=\"https:\/\/barbomusic.com\/wp-content\/uploads\/2020\/05\/spotify-5-240-light.png\" alt=\"Spotify\">\n\t\t\t<\/span>\n\t\t\t\t<\/a>\n\t<\/div><div class=\"edgtf-carousel-item-holder\">\n\t\t<a href=\"https:\/\/play.google.com\/music\/preview\/Adyk6eostegrx36l4k7fnbxvjta?u=0#\" target=\"_blank\">\n\t\t\t\t\t\t<span class=\"edgtf-carousel-first-image-holder edgtf-has-hover-image edgtf-image-change\">\n\t\t\t\t<img decoding=\"async\" src=\"https:\/\/barbomusic.com\/wp-content\/uploads\/2020\/05\/video-15-240.png\" alt=\"Google Play\">\n\t\t\t<\/span>\n\t\t\t\t\t\t\t<span class=\"edgtf-carousel-second-image-holder edgtf-has-hover-image edgtf-image-change\">\n\t\t\t\t<img decoding=\"async\" src=\"https:\/\/barbomusic.com\/wp-content\/uploads\/2020\/05\/video-15-240-light.png\" alt=\"Google Play\">\n\t\t\t<\/span>\n\t\t\t\t<\/a>\n\t<\/div><div class=\"edgtf-carousel-item-holder\">\n\t\t<a href=\"https:\/\/www.deezer.com\/fr\/artist\/4959848\" target=\"_blank\">\n\t\t\t\t\t\t<span class=\"edgtf-carousel-first-image-holder edgtf-has-hover-image edgtf-image-change\">\n\t\t\t\t<img decoding=\"async\" src=\"https:\/\/barbomusic.com\/wp-content\/uploads\/2020\/05\/deezer-10-240.png\" alt=\"Deezer\">\n\t\t\t<\/span>\n\t\t\t\t\t\t\t<span class=\"edgtf-carousel-second-image-holder edgtf-has-hover-image edgtf-image-change\">\n\t\t\t\t<img decoding=\"async\" src=\"https:\/\/barbomusic.com\/wp-content\/uploads\/2020\/05\/deezer-10-240-light.png\" alt=\"Deezer\">\n\t\t\t<\/span>\n\t\t\t\t<\/a>\n\t<\/div><div class=\"edgtf-carousel-item-holder\">\n\t\t<a href=\"https:\/\/www.facebook.com\/barbomusique\/\" target=\"_blank\">\n\t\t\t\t\t\t<span class=\"edgtf-carousel-first-image-holder edgtf-has-hover-image edgtf-image-change\">\n\t\t\t\t<img decoding=\"async\" src=\"https:\/\/barbomusic.com\/wp-content\/uploads\/2020\/05\/facebook-5-240.png\" alt=\"Facebook\">\n\t\t\t<\/span>\n\t\t\t\t\t\t\t<span class=\"edgtf-carousel-second-image-holder edgtf-has-hover-image edgtf-image-change\">\n\t\t\t\t<img decoding=\"async\" src=\"https:\/\/barbomusic.com\/wp-content\/uploads\/2020\/05\/facebook-5-240-light.png\" alt=\"Facebook\">\n\t\t\t<\/span>\n\t\t\t\t<\/a>\n\t<\/div><div class=\"edgtf-carousel-item-holder\">\n\t\t<a href=\"https:\/\/www.instagram.com\/barbomusic\/\" target=\"_blank\">\n\t\t\t\t\t\t<span class=\"edgtf-carousel-first-image-holder edgtf-has-hover-image edgtf-image-change\">\n\t\t\t\t<img decoding=\"async\" src=\"https:\/\/barbomusic.com\/wp-content\/uploads\/2020\/05\/instagram-10-240.png\" alt=\"Instagram\">\n\t\t\t<\/span>\n\t\t\t\t\t\t\t<span class=\"edgtf-carousel-second-image-holder edgtf-has-hover-image edgtf-image-change\">\n\t\t\t\t<img decoding=\"async\" src=\"https:\/\/barbomusic.com\/wp-content\/uploads\/2020\/05\/instagram-10-240-light.png\" alt=\"Instagram\">\n\t\t\t<\/span>\n\t\t\t\t<\/a>\n\t<\/div><div class=\"edgtf-carousel-item-holder\">\n\t\t<a href=\"https:\/\/www.youtube.com\/c\/barbomusic\" target=\"_blank\">\n\t\t\t\t\t\t<span class=\"edgtf-carousel-first-image-holder edgtf-has-hover-image edgtf-image-change\">\n\t\t\t\t<img decoding=\"async\" src=\"https:\/\/barbomusic.com\/wp-content\/uploads\/2020\/05\/youtube-10-240.png\" alt=\"YouTube\">\n\t\t\t<\/span>\n\t\t\t\t\t\t\t<span class=\"edgtf-carousel-second-image-holder edgtf-has-hover-image edgtf-image-change\">\n\t\t\t\t<img decoding=\"async\" src=\"https:\/\/barbomusic.com\/wp-content\/uploads\/2020\/05\/youtube-10-240-light.png\" alt=\"YouTube\">\n\t\t\t<\/span>\n\t\t\t\t<\/a>\n\t<\/div><div class=\"edgtf-carousel-item-holder\">\n\t\t<a href=\"https:\/\/www.amazon.fr\/Voyage-Isol%C3%A9-Barbo\/dp\/B0895WNR88\" target=\"_blank\">\n\t\t\t\t\t\t<span class=\"edgtf-carousel-first-image-holder edgtf-has-hover-image edgtf-image-change\">\n\t\t\t\t<img decoding=\"async\" src=\"https:\/\/barbomusic.com\/wp-content\/uploads\/2020\/05\/amazon-5-240.png\" alt=\"Amazon Music\">\n\t\t\t<\/span>\n\t\t\t\t\t\t\t<span class=\"edgtf-carousel-second-image-holder edgtf-has-hover-image edgtf-image-change\">\n\t\t\t\t<img decoding=\"async\" src=\"https:\/\/barbomusic.com\/wp-content\/uploads\/2020\/05\/amazon-5-240-light.png\" alt=\"Amazon Music\">\n\t\t\t<\/span>\n\t\t\t\t<\/a>\n\t<\/div><\/div><\/div>[\/vc_column][\/vc_row][vc_row content_width=&#8221;grid&#8221; content_aligment=&#8221;center&#8221; css=&#8221;.vc_custom_1589754878486{padding-top: 92px !important;padding-bottom: 15px !important;}&#8221; el_class=&#8221;section-blogvideo&#8221;][vc_column][vc_row_inner content_width=&#8221;grid&#8221; content_aligment=&#8221;center&#8221;][vc_column_inner offset=&#8221;vc_col-lg-offset-2 vc_col-lg-8 vc_col-md-offset-2 vc_col-md-8&#8243; css=&#8221;.vc_custom_1488981718848{padding-right: 10% !important;padding-left: 10% !important;}&#8221;]\n<p class=\"edgtf-section-subtitle\" >\n\tMeine Videos ansehen<\/p>[vc_column_text]<\/p>\n<h2>Videos<\/h2>\n<p>[\/vc_column_text][vc_empty_space height=&#8221;2px&#8221;][\/vc_column_inner][\/vc_row_inner][vc_row_inner css=&#8221;.vc_custom_1475143501012{padding-top: 80px !important;}&#8221;][vc_column_inner]<div class=\"edgtf-blog-list-holder edgtf-masonry \" data-next-page= \"2\" data-order-by= \"date\" data-order= \"DESC\" data-number= \"8\" data-title-tag= \"h4\" data-box-shadow= \"no\" data-load-more-skin= \"dark\" data-text-length= \"180\" data-category= \"guitare-classique,guitare-fingerstyle\" data-type= \"masonry\" data-max-num-pages = 2>\n\t<ul class=\"edgtf-blog-list\">\n\t\t\t<li class=\"edgtf-blog-list-masonry-grid-sizer\"><\/li>\n\t\t<li class=\"edgtf-blog-list-masonry-grid-gutter\"><\/li>\n\t<li class=\"edgtf-blog-list-item edgtf-blog-list-masonry-item edgtf-blog-list-standard \">\n\t<div class=\"edgtf-blog-list-item-inner\">\n\t\t<div class=\"edgtf-blog-list-item-image clearfix\">\n\t<a href=\"https:\/\/barbomusic.com\/de\/fingerstyle-gitarre\/jeremyamelin-helene-roch-voisine-cover\/\">\n\t\t<img loading=\"lazy\" decoding=\"async\" width=\"2366\" height=\"1234\" src=\"\/wp-content\/uploads\/2020\/05\/jeremy-amelin-helene.jpg\" class=\"attachment-post-thumbnail size-post-thumbnail wp-post-image\" alt=\"Barbo la guitare est un m\u00e9dicament\" srcset=\"\/wp-content\/uploads\/2020\/05\/jeremy-amelin-helene.jpg 2366w, \/wp-content\/uploads\/2020\/05\/jeremy-amelin-helene-300x156.jpg 300w, \/wp-content\/uploads\/2020\/05\/jeremy-amelin-helene-1024x534.jpg 1024w, \/wp-content\/uploads\/2020\/05\/jeremy-amelin-helene-768x401.jpg 768w, \/wp-content\/uploads\/2020\/05\/jeremy-amelin-helene-1536x801.jpg 1536w, \/wp-content\/uploads\/2020\/05\/jeremy-amelin-helene-600x313.jpg 600w\" sizes=\"auto, (max-width: 2366px) 100vw, 2366px\" \/>\t\t\t\t\n\t<\/a>\n<\/div>\t\n<div class=\"edgtf-blog-list-item-text-holder\" >\n\t<h4 class=\"edgtf-blog-list-item-title \" >\n\t\t<a href=\"https:\/\/barbomusic.com\/de\/fingerstyle-gitarre\/jeremyamelin-helene-roch-voisine-cover\/\" >\n\t\t\tJ\u00e9r\u00e9my Amelin &#038; Barbo &#8211; H\u00e9l\u00e8ne (Roch Voisine)\t\t<\/a>\n\t<\/h4>\n\n\t<div class=\"edgtf-blog-list-item-info-section\" >\n\t\t<div class=\"edgtf-post-info-category\">\n\t<a href=\"\/de\/fingerstyle-gitarre\/\" rel=\"category tag\">Fingerstyle Gitarre<\/a><\/div>\t<\/div>\n\t\t\t<!-- <p class=\"edgtf-blog-list-item-excerpt\" >...<\/p> -->\n\t<\/div> <\/div>\t\n<\/li><li class=\"edgtf-blog-list-item edgtf-blog-list-masonry-item edgtf-blog-list-standard \">\n\t<div class=\"edgtf-blog-list-item-inner\">\n\t\t<div class=\"edgtf-blog-list-item-image clearfix\">\n\t<a href=\"https:\/\/barbomusic.com\/de\/fingerstyle-gitarre\/justin-st-pierre-lile\/\">\n\t\t<img loading=\"lazy\" decoding=\"async\" width=\"878\" height=\"1080\" src=\"\/wp-content\/uploads\/2020\/05\/barbo-lile-cover-e1589884513466.jpg\" class=\"attachment-post-thumbnail size-post-thumbnail wp-post-image\" alt=\"Barbo La Guitare est un M\u00e9dicament\" srcset=\"\/wp-content\/uploads\/2020\/05\/barbo-lile-cover-e1589884513466.jpg 878w, \/wp-content\/uploads\/2020\/05\/barbo-lile-cover-e1589884513466-244x300.jpg 244w, \/wp-content\/uploads\/2020\/05\/barbo-lile-cover-e1589884513466-832x1024.jpg 832w, \/wp-content\/uploads\/2020\/05\/barbo-lile-cover-e1589884513466-768x945.jpg 768w, \/wp-content\/uploads\/2020\/05\/barbo-lile-cover-e1589884513466-600x738.jpg 600w\" sizes=\"auto, (max-width: 878px) 100vw, 878px\" \/>\t\t\t\t\n\t<\/a>\n<\/div>\t\n<div class=\"edgtf-blog-list-item-text-holder\" >\n\t<h4 class=\"edgtf-blog-list-item-title \" >\n\t\t<a href=\"https:\/\/barbomusic.com\/de\/fingerstyle-gitarre\/justin-st-pierre-lile\/\" >\n\t\t\tJustin St-Pierre &#8211; L&#8217;\u00cele\t\t<\/a>\n\t<\/h4>\n\n\t<div class=\"edgtf-blog-list-item-info-section\" >\n\t\t<div class=\"edgtf-post-info-category\">\n\t<a href=\"\/de\/fingerstyle-gitarre\/\" rel=\"category tag\">Fingerstyle Gitarre<\/a><\/div>\t<\/div>\n\t\t\t<!-- <p class=\"edgtf-blog-list-item-excerpt\" >...<\/p> -->\n\t<\/div> <\/div>\t\n<\/li><li class=\"edgtf-blog-list-item edgtf-blog-list-masonry-item edgtf-blog-list-standard \">\n\t<div class=\"edgtf-blog-list-item-inner\">\n\t\t<div class=\"edgtf-blog-list-item-image clearfix\">\n\t<a href=\"https:\/\/barbomusic.com\/de\/klassikgitarre\/mauro-giulani-allegro\/\">\n\t\t<img loading=\"lazy\" decoding=\"async\" width=\"1250\" height=\"750\" src=\"\/wp-content\/uploads\/2020\/05\/Mauro-Giuliani.jpg\" class=\"attachment-post-thumbnail size-post-thumbnail wp-post-image\" alt=\"Mauro Giulani\" srcset=\"\/wp-content\/uploads\/2020\/05\/Mauro-Giuliani.jpg 1250w, \/wp-content\/uploads\/2020\/05\/Mauro-Giuliani-300x180.jpg 300w, \/wp-content\/uploads\/2020\/05\/Mauro-Giuliani-1024x614.jpg 1024w, \/wp-content\/uploads\/2020\/05\/Mauro-Giuliani-768x461.jpg 768w, \/wp-content\/uploads\/2020\/05\/Mauro-Giuliani-600x360.jpg 600w\" sizes=\"auto, (max-width: 1250px) 100vw, 1250px\" \/>\t\t\t\t\n\t<\/a>\n<\/div>\t\n<div class=\"edgtf-blog-list-item-text-holder\" >\n\t<h4 class=\"edgtf-blog-list-item-title \" >\n\t\t<a href=\"https:\/\/barbomusic.com\/de\/klassikgitarre\/mauro-giulani-allegro\/\" >\n\t\t\tMauro Giulani &#8211; Allegro\t\t<\/a>\n\t<\/h4>\n\n\t<div class=\"edgtf-blog-list-item-info-section\" >\n\t\t<div class=\"edgtf-post-info-category\">\n\t<a href=\"\/de\/klassikgitarre\/\" rel=\"category tag\">Klassikgitarre<\/a><\/div>\t<\/div>\n\t\t\t<!-- <p class=\"edgtf-blog-list-item-excerpt\" >View this post on Instagram The #brouwerchallenge is still runing on Instagram during the lockdown ! I thought I could play another tune that I learnt when I was young. As Leo Brou...<\/p> -->\n\t<\/div> <\/div>\t\n<\/li><li class=\"edgtf-blog-list-item edgtf-blog-list-masonry-item edgtf-blog-list-standard \">\n\t<div class=\"edgtf-blog-list-item-inner\">\n\t\t<div class=\"edgtf-blog-list-item-image clearfix\">\n\t<a href=\"https:\/\/barbomusic.com\/de\/fingerstyle-gitarre\/andy-mckee-ebon-coast\/\">\n\t\t<img loading=\"lazy\" decoding=\"async\" width=\"1920\" height=\"1080\" src=\"\/wp-content\/uploads\/2020\/05\/barbo-eboncoast-cover.jpg\" class=\"attachment-post-thumbnail size-post-thumbnail wp-post-image\" alt=\"Barbo La Guitare est un M\u00e9dicament\" srcset=\"\/wp-content\/uploads\/2020\/05\/barbo-eboncoast-cover.jpg 1920w, \/wp-content\/uploads\/2020\/05\/barbo-eboncoast-cover-300x169.jpg 300w, \/wp-content\/uploads\/2020\/05\/barbo-eboncoast-cover-1024x576.jpg 1024w, \/wp-content\/uploads\/2020\/05\/barbo-eboncoast-cover-768x432.jpg 768w, \/wp-content\/uploads\/2020\/05\/barbo-eboncoast-cover-1536x864.jpg 1536w, \/wp-content\/uploads\/2020\/05\/barbo-eboncoast-cover-600x338.jpg 600w\" sizes=\"auto, (max-width: 1920px) 100vw, 1920px\" \/>\t\t\t\t\n\t<\/a>\n<\/div>\t\n<div class=\"edgtf-blog-list-item-text-holder\" >\n\t<h4 class=\"edgtf-blog-list-item-title \" >\n\t\t<a href=\"https:\/\/barbomusic.com\/de\/fingerstyle-gitarre\/andy-mckee-ebon-coast\/\" >\n\t\t\tAndy McKee &#8211; Ebon Coast\t\t<\/a>\n\t<\/h4>\n\n\t<div class=\"edgtf-blog-list-item-info-section\" >\n\t\t<div class=\"edgtf-post-info-category\">\n\t<a href=\"\/de\/fingerstyle-gitarre\/\" rel=\"category tag\">Fingerstyle Gitarre<\/a><\/div>\t<\/div>\n\t\t\t<!-- <p class=\"edgtf-blog-list-item-excerpt\" >...<\/p> -->\n\t<\/div> <\/div>\t\n<\/li><li class=\"edgtf-blog-list-item edgtf-blog-list-masonry-item edgtf-blog-list-standard \">\n\t<div class=\"edgtf-blog-list-item-inner\">\n\t\t<div class=\"edgtf-blog-list-item-image clearfix\">\n\t<a href=\"https:\/\/barbomusic.com\/de\/fingerstyle-gitarre\/ben-howard-old-pine\/\">\n\t\t<img loading=\"lazy\" decoding=\"async\" width=\"1920\" height=\"1021\" src=\"\/wp-content\/uploads\/2020\/05\/barbo-oldpine-cover.jpg\" class=\"attachment-post-thumbnail size-post-thumbnail wp-post-image\" alt=\"Barbo La Guitare est un M\u00e9dicament\" srcset=\"\/wp-content\/uploads\/2020\/05\/barbo-oldpine-cover.jpg 1920w, \/wp-content\/uploads\/2020\/05\/barbo-oldpine-cover-300x160.jpg 300w, \/wp-content\/uploads\/2020\/05\/barbo-oldpine-cover-1024x545.jpg 1024w, \/wp-content\/uploads\/2020\/05\/barbo-oldpine-cover-768x408.jpg 768w, \/wp-content\/uploads\/2020\/05\/barbo-oldpine-cover-1536x817.jpg 1536w, \/wp-content\/uploads\/2020\/05\/barbo-oldpine-cover-600x319.jpg 600w\" sizes=\"auto, (max-width: 1920px) 100vw, 1920px\" \/>\t\t\t\t\n\t<\/a>\n<\/div>\t\n<div class=\"edgtf-blog-list-item-text-holder\" >\n\t<h4 class=\"edgtf-blog-list-item-title \" >\n\t\t<a href=\"https:\/\/barbomusic.com\/de\/fingerstyle-gitarre\/ben-howard-old-pine\/\" >\n\t\t\tBen Howard &#8211; Old Pine (Intro)\t\t<\/a>\n\t<\/h4>\n\n\t<div class=\"edgtf-blog-list-item-info-section\" >\n\t\t<div class=\"edgtf-post-info-category\">\n\t<a href=\"\/de\/fingerstyle-gitarre\/\" rel=\"category tag\">Fingerstyle Gitarre<\/a><\/div>\t<\/div>\n\t\t\t<!-- <p class=\"edgtf-blog-list-item-excerpt\" >...<\/p> -->\n\t<\/div> <\/div>\t\n<\/li><li class=\"edgtf-blog-list-item edgtf-blog-list-masonry-item edgtf-blog-list-standard \">\n\t<div class=\"edgtf-blog-list-item-inner\">\n\t\t<div class=\"edgtf-blog-list-item-image clearfix\">\n\t<a href=\"https:\/\/barbomusic.com\/de\/klassikgitarre\/agustin-barrios-mangore-la-catedral-extrait\/\">\n\t\t<img loading=\"lazy\" decoding=\"async\" width=\"1061\" height=\"1280\" src=\"\/wp-content\/uploads\/2020\/05\/Agustin_Barrios_photo.jpg\" class=\"attachment-post-thumbnail size-post-thumbnail wp-post-image\" alt=\"agustin barrios mangore\" srcset=\"\/wp-content\/uploads\/2020\/05\/Agustin_Barrios_photo.jpg 1061w, \/wp-content\/uploads\/2020\/05\/Agustin_Barrios_photo-249x300.jpg 249w, \/wp-content\/uploads\/2020\/05\/Agustin_Barrios_photo-849x1024.jpg 849w, \/wp-content\/uploads\/2020\/05\/Agustin_Barrios_photo-768x927.jpg 768w, \/wp-content\/uploads\/2020\/05\/Agustin_Barrios_photo-600x724.jpg 600w\" sizes=\"auto, (max-width: 1061px) 100vw, 1061px\" \/>\t\t\t\t\n\t<\/a>\n<\/div>\t\n<div class=\"edgtf-blog-list-item-text-holder\" >\n\t<h4 class=\"edgtf-blog-list-item-title \" >\n\t\t<a href=\"https:\/\/barbomusic.com\/de\/klassikgitarre\/agustin-barrios-mangore-la-catedral-extrait\/\" >\n\t\t\tAgust\u00edn Barrios Mangor\u00e9 &#8211; La Catedral (Extrait)\t\t<\/a>\n\t<\/h4>\n\n\t<div class=\"edgtf-blog-list-item-info-section\" >\n\t\t<div class=\"edgtf-post-info-category\">\n\t<a href=\"\/de\/klassikgitarre\/\" rel=\"category tag\">Klassikgitarre<\/a><\/div>\t<\/div>\n\t\t\t<!-- <p class=\"edgtf-blog-list-item-excerpt\" >View this post on Instagram La Catedraaaaal \u26ea \ud83d\udc9b This is so far my favourite classical piece ever. A masterpiece !! The song that made me want to go on classical guitar when I ...<\/p> -->\n\t<\/div> <\/div>\t\n<\/li><li class=\"edgtf-blog-list-item edgtf-blog-list-masonry-item edgtf-blog-list-standard \">\n\t<div class=\"edgtf-blog-list-item-inner\">\n\t\t<div class=\"edgtf-blog-list-item-image clearfix\">\n\t<a href=\"https:\/\/barbomusic.com\/de\/klassikgitarre\/ludovico-einaudi-una-mattina-intouchables-ost\/\">\n\t\t<img loading=\"lazy\" decoding=\"async\" width=\"1125\" height=\"1298\" src=\"\/wp-content\/uploads\/2020\/05\/omarsy_Intouchables.jpg\" class=\"attachment-post-thumbnail size-post-thumbnail wp-post-image\" alt=\"Omar Sy et\" srcset=\"\/wp-content\/uploads\/2020\/05\/omarsy_Intouchables.jpg 1125w, \/wp-content\/uploads\/2020\/05\/omarsy_Intouchables-260x300.jpg 260w, \/wp-content\/uploads\/2020\/05\/omarsy_Intouchables-888x1024.jpg 888w, \/wp-content\/uploads\/2020\/05\/omarsy_Intouchables-768x886.jpg 768w, \/wp-content\/uploads\/2020\/05\/omarsy_Intouchables-600x692.jpg 600w\" sizes=\"auto, (max-width: 1125px) 100vw, 1125px\" \/>\t\t\t\t\n\t<\/a>\n<\/div>\t\n<div class=\"edgtf-blog-list-item-text-holder\" >\n\t<h4 class=\"edgtf-blog-list-item-title \" >\n\t\t<a href=\"https:\/\/barbomusic.com\/de\/klassikgitarre\/ludovico-einaudi-una-mattina-intouchables-ost\/\" >\n\t\t\tLudovico Einaudi \u2013 Una Mattina\t\t<\/a>\n\t<\/h4>\n\n\t<div class=\"edgtf-blog-list-item-info-section\" >\n\t\t<div class=\"edgtf-post-info-category\">\n\t<a href=\"\/de\/klassikgitarre\/\" rel=\"category tag\">Klassikgitarre<\/a><\/div>\t<\/div>\n\t\t\t<!-- <p class=\"edgtf-blog-list-item-excerpt\" >View this post on Instagram UNTOUCHABLES \ud83e\uddd1\u200d\ud83e\uddbc\ud83e\uddcd\ud83c\udffe Such a beautiful film ! All actors are great in this movie. The main song from the film gives me tears, the feeling wit...<\/p> -->\n\t<\/div> <\/div>\t\n<\/li><li class=\"edgtf-blog-list-item edgtf-blog-list-masonry-item edgtf-blog-list-standard \">\n\t<div class=\"edgtf-blog-list-item-inner\">\n\t\t<div class=\"edgtf-blog-list-item-image clearfix\">\n\t<a href=\"https:\/\/barbomusic.com\/de\/klassikgitarre\/francisco-tarrega-lagrima\/\">\n\t\t<img loading=\"lazy\" decoding=\"async\" width=\"990\" height=\"709\" src=\"\/wp-content\/uploads\/2020\/05\/Francisco_Tarrega.jpg\" class=\"attachment-post-thumbnail size-post-thumbnail wp-post-image\" alt=\"\" srcset=\"\/wp-content\/uploads\/2020\/05\/Francisco_Tarrega.jpg 990w, \/wp-content\/uploads\/2020\/05\/Francisco_Tarrega-300x215.jpg 300w, \/wp-content\/uploads\/2020\/05\/Francisco_Tarrega-768x550.jpg 768w, \/wp-content\/uploads\/2020\/05\/Francisco_Tarrega-600x430.jpg 600w\" sizes=\"auto, (max-width: 990px) 100vw, 990px\" \/>\t\t\t\t\n\t<\/a>\n<\/div>\t\n<div class=\"edgtf-blog-list-item-text-holder\" >\n\t<h4 class=\"edgtf-blog-list-item-title \" >\n\t\t<a href=\"https:\/\/barbomusic.com\/de\/klassikgitarre\/francisco-tarrega-lagrima\/\" >\n\t\t\tFrancisco T\u00e1rrega &#8211; Lagrima\t\t<\/a>\n\t<\/h4>\n\n\t<div class=\"edgtf-blog-list-item-info-section\" >\n\t\t<div class=\"edgtf-post-info-category\">\n\t<a href=\"\/de\/klassikgitarre\/\" rel=\"category tag\">Klassikgitarre<\/a><\/div>\t<\/div>\n\t\t\t<!-- <p class=\"edgtf-blog-list-item-excerpt\" >View this post on Instagram A timeless classic ! Lagrima from Fransisco Tarrega. I think most of all guitar students learnt to play this beautiful piece ! . . . . . . #classicalgui...<\/p> -->\n\t<\/div> <\/div>\t\n<\/li>\t<\/ul>\t\n\t<\/div>\n[\/vc_column_inner][\/vc_row_inner][\/vc_column][\/vc_row]<\/p>\n","protected":false},"excerpt":{"rendered":"<p>[vc_row row_type=&#8221;parallax&#8221; content_width=&#8221;grid&#8221; content_aligment=&#8221;center&#8221; parallax_background_image=&#8221;7639&#8243; parallax_speed=&#8221;1.3&#8243; css=&#8221;.vc_custom_1589654167480{padding-top: 11.7% !important;padding-bottom: 103px !important;background-position: center !important;background-repeat: no-repeat !important;background-size: cover !important;}&#8221; el_class=&#8221;hero hero-tall&#8221;][vc_column css_animation=&#8221;fadeIn&#8221;][vc_column_text] Die Gitarre ist eine Medizin [\/vc_column_text][vc_row_inner content_aligment=&#8221;center&#8221; css_animation=&#8221;edgtf-element-from-fade&#8221; transition_delay=&#8221;20&#8243;][vc_column_inner css=&#8221;.vc_custom_1489054951083{padding-right: 6% !important;padding-left: 6% !important;}&#8221; offset=&#8221;vc_col-lg-offset-2 vc_col-lg-8 vc_col-md-offset-2 vc_col-md-8&#8243;][vc_column_text]Ein Album, ein soziales Projekt und ein Dokumentarfilm&#8230;.<\/p>\n","protected":false},"author":1,"featured_media":0,"parent":0,"menu_order":0,"comment_status":"closed","ping_status":"closed","template":"full-width.php","meta":{"_monsterinsights_skip_tracking":false,"_monsterinsights_sitenote_active":false,"_monsterinsights_sitenote_note":"","_monsterinsights_sitenote_category":0,"footnotes":""},"class_list":["post-15116","page","type-page","status-publish","hentry"],"yoast_head":"<!-- This site is optimized with the Yoast SEO plugin v25.9 - https:\/\/yoast.com\/wordpress\/plugins\/seo\/ -->\n<title>BARBO \u2022 Gitarrist Akustik<\/title>\n<meta name=\"description\" content=\"Instrumentale Fingerstyle gitarre. Neues Album verf\u00fcgbar! H\u00f6ren Sie &quot;Un voyage Isol\u00e9&quot; auf Spotify, Deezer und \u00fcberall sonst.\" \/>\n<meta name=\"robots\" content=\"index, follow, max-snippet:-1, max-image-preview:large, max-video-preview:-1\" \/>\n<link rel=\"canonical\" href=\"https:\/\/barbomusic.com\/de\/\" \/>\n<meta property=\"og:locale\" content=\"de_DE\" \/>\n<meta property=\"og:type\" content=\"article\" \/>\n<meta property=\"og:title\" content=\"BARBO \u2022 Fingerstyle Guitar\" \/>\n<meta property=\"og:description\" content=\"NEUES ALBUM ERH\u00c4LTLICH 5. JUNI 2020! Alle Infos zu &quot;Un voyage Isol\u00e9&quot; finden Sie hier\" \/>\n<meta property=\"og:url\" content=\"https:\/\/barbomusic.com\/de\/\" \/>\n<meta property=\"og:site_name\" content=\"BARBO \u2022 Gitarrist Akustik\" \/>\n<meta property=\"article:publisher\" content=\"https:\/\/www.facebook.com\/barbomusique\/\" \/>\n<meta property=\"article:modified_time\" content=\"2021-04-01T16:57:14+00:00\" \/>\n<meta property=\"og:image\" content=\"https:\/\/barbomusic.com\/wp-content\/uploads\/2020\/05\/social-media.jpg\" \/>\n<meta name=\"twitter:card\" content=\"summary_large_image\" \/>\n<meta name=\"twitter:title\" content=\"BARBO \u2022 Fingerstyle Guitar\" \/>\n<meta name=\"twitter:description\" content=\"NEUES ALBUM ERH\u00c4LTLICH 5. JUNI 2020! Alle Infos zu &quot;Un voyage Isol\u00e9&quot; finden Sie hier\" \/>\n<meta name=\"twitter:image\" content=\"https:\/\/barbomusic.com\/wp-content\/uploads\/2020\/05\/social-media.jpg\" \/>\n<meta name=\"twitter:site\" content=\"@barbomusic1\" \/>\n<meta name=\"twitter:label1\" content=\"Est. reading time\" \/>\n\t<meta name=\"twitter:data1\" content=\"3 minutes\" \/>\n<script type=\"application\/ld+json\" class=\"yoast-schema-graph\">{\"@context\":\"https:\/\/schema.org\",\"@graph\":[{\"@type\":\"WebPage\",\"@id\":\"https:\/\/barbomusic.com\/de\/\",\"url\":\"https:\/\/barbomusic.com\/de\/\",\"name\":\"BARBO \u2022 Gitarrist Akustik\",\"isPartOf\":{\"@id\":\"https:\/\/barbomusic.com\/#website\"},\"datePublished\":\"2020-05-27T13:10:37+00:00\",\"dateModified\":\"2021-04-01T16:57:14+00:00\",\"description\":\"Instrumentale Fingerstyle gitarre. Neues Album verf\u00fcgbar! H\u00f6ren Sie \\\"Un voyage Isol\u00e9\\\" auf Spotify, Deezer und \u00fcberall sonst.\",\"breadcrumb\":{\"@id\":\"https:\/\/barbomusic.com\/de\/#breadcrumb\"},\"inLanguage\":\"de-DE\",\"potentialAction\":[{\"@type\":\"ReadAction\",\"target\":[\"https:\/\/barbomusic.com\/de\/\"]}]},{\"@type\":\"BreadcrumbList\",\"@id\":\"https:\/\/barbomusic.com\/de\/#breadcrumb\",\"itemListElement\":[{\"@type\":\"ListItem\",\"position\":1,\"name\":\"Home\",\"item\":\"https:\/\/barbomusic.com\/de\/\"},{\"@type\":\"ListItem\",\"position\":2,\"name\":\"Home\"}]},{\"@type\":\"WebSite\",\"@id\":\"https:\/\/barbomusic.com\/#website\",\"url\":\"https:\/\/barbomusic.com\/\",\"name\":\"BARBO \u2022 Gitarrist Akustik\",\"description\":\"Album verf\u00fcgbar ! H\u00f6ren Sie &quot;Un voyage Isol\u00e9&quot; auf allen Streaming-Plattformen\",\"potentialAction\":[{\"@type\":\"SearchAction\",\"target\":{\"@type\":\"EntryPoint\",\"urlTemplate\":\"https:\/\/barbomusic.com\/search\/{search_term_string}\"},\"query-input\":{\"@type\":\"PropertyValueSpecification\",\"valueRequired\":true,\"valueName\":\"search_term_string\"}}],\"inLanguage\":\"de-DE\"}]}<\/script>\n<!-- \/ Yoast SEO plugin. -->","yoast_head_json":{"title":"BARBO \u2022 Gitarrist Akustik","description":"Instrumentale Fingerstyle gitarre. Neues Album verf\u00fcgbar! H\u00f6ren Sie \"Un voyage Isol\u00e9\" auf Spotify, Deezer und \u00fcberall sonst.","robots":{"index":"index","follow":"follow","max-snippet":"max-snippet:-1","max-image-preview":"max-image-preview:large","max-video-preview":"max-video-preview:-1"},"canonical":"https:\/\/barbomusic.com\/de\/","og_locale":"de_DE","og_type":"article","og_title":"BARBO \u2022 Fingerstyle Guitar","og_description":"NEUES ALBUM ERH\u00c4LTLICH 5. JUNI 2020! Alle Infos zu \"Un voyage Isol\u00e9\" finden Sie hier","og_url":"https:\/\/barbomusic.com\/de\/","og_site_name":"BARBO \u2022 Gitarrist Akustik","article_publisher":"https:\/\/www.facebook.com\/barbomusique\/","article_modified_time":"2021-04-01T16:57:14+00:00","og_image":[{"url":"https:\/\/barbomusic.com\/wp-content\/uploads\/2020\/05\/social-media.jpg","type":"","width":"","height":""}],"twitter_card":"summary_large_image","twitter_title":"BARBO \u2022 Fingerstyle Guitar","twitter_description":"NEUES ALBUM ERH\u00c4LTLICH 5. JUNI 2020! Alle Infos zu \"Un voyage Isol\u00e9\" finden Sie hier","twitter_image":"https:\/\/barbomusic.com\/wp-content\/uploads\/2020\/05\/social-media.jpg","twitter_site":"@barbomusic1","twitter_misc":{"Est. reading time":"3 minutes"},"schema":{"@context":"https:\/\/schema.org","@graph":[{"@type":"WebPage","@id":"https:\/\/barbomusic.com\/de\/","url":"https:\/\/barbomusic.com\/de\/","name":"BARBO \u2022 Gitarrist Akustik","isPartOf":{"@id":"https:\/\/barbomusic.com\/#website"},"datePublished":"2020-05-27T13:10:37+00:00","dateModified":"2021-04-01T16:57:14+00:00","description":"Instrumentale Fingerstyle gitarre. Neues Album verf\u00fcgbar! H\u00f6ren Sie \"Un voyage Isol\u00e9\" auf Spotify, Deezer und \u00fcberall sonst.","breadcrumb":{"@id":"https:\/\/barbomusic.com\/de\/#breadcrumb"},"inLanguage":"de-DE","potentialAction":[{"@type":"ReadAction","target":["https:\/\/barbomusic.com\/de\/"]}]},{"@type":"BreadcrumbList","@id":"https:\/\/barbomusic.com\/de\/#breadcrumb","itemListElement":[{"@type":"ListItem","position":1,"name":"Home","item":"https:\/\/barbomusic.com\/de\/"},{"@type":"ListItem","position":2,"name":"Home"}]},{"@type":"WebSite","@id":"https:\/\/barbomusic.com\/#website","url":"https:\/\/barbomusic.com\/","name":"BARBO \u2022 Gitarrist Akustik","description":"Album verf\u00fcgbar ! H\u00f6ren Sie &quot;Un voyage Isol\u00e9&quot; auf allen Streaming-Plattformen","potentialAction":[{"@type":"SearchAction","target":{"@type":"EntryPoint","urlTemplate":"https:\/\/barbomusic.com\/search\/{search_term_string}"},"query-input":{"@type":"PropertyValueSpecification","valueRequired":true,"valueName":"search_term_string"}}],"inLanguage":"de-DE"}]}},"jetpack_sharing_enabled":true,"_links":{"self":[{"href":"https:\/\/barbomusic.com\/de\/wp-json\/wp\/v2\/pages\/15116","targetHints":{"allow":["GET"]}}],"collection":[{"href":"https:\/\/barbomusic.com\/de\/wp-json\/wp\/v2\/pages"}],"about":[{"href":"https:\/\/barbomusic.com\/de\/wp-json\/wp\/v2\/types\/page"}],"author":[{"embeddable":true,"href":"https:\/\/barbomusic.com\/de\/wp-json\/wp\/v2\/users\/1"}],"replies":[{"embeddable":true,"href":"https:\/\/barbomusic.com\/de\/wp-json\/wp\/v2\/comments?post=15116"}],"version-history":[{"count":0,"href":"https:\/\/barbomusic.com\/de\/wp-json\/wp\/v2\/pages\/15116\/revisions"}],"wp:attachment":[{"href":"https:\/\/barbomusic.com\/de\/wp-json\/wp\/v2\/media?parent=15116"}],"curies":[{"name":"wp","href":"https:\/\/api.w.org\/{rel}","templated":true}]}}